{"id":68,"date":"2021-09-20T10:11:45","date_gmt":"2021-09-20T08:11:45","guid":{"rendered":"https:\/\/barentsmagazine.com\/resurser\/?page_id=68"},"modified":"2021-09-25T22:42:30","modified_gmt":"2021-09-25T20:42:30","slug":"det-ar-det-och-bara-det-dom-gor-av-det","status":"publish","type":"page","link":"https:\/\/barentsmagazine.com\/resurser\/det-ar-det-och-bara-det-dom-gor-av-det\/","title":{"rendered":"Det \u00e4r det och bara det dom g\u00f6r av det"},"content":{"rendered":"\n<h4 class=\"wp-block-heading\">&#8221;S\u00e5 att dom kan forts\u00e4tta ta det vad dom tror att dom beh\u00f6ver.&#8221;<\/h4>\n\n\n\n<h4 class=\"wp-block-heading\">&#8221;Jag anv\u00e4nder mig av en av finskan starkt p\u00e5verkad svenska f\u00f6r att genom predikoformen ber\u00e4tta om ett s\u00e4llskap som brutit sig fri fr\u00e5n nationen Sverige och sj\u00e4lva bildat ett st\u00f6rre sj\u00e4lvhush\u00e5ll i form av en bysamf\u00e4llighet.\u00a0&#8221;<\/h4>\n\n\n\n<p class=\"has-text-align-left\"><em>Text: David V\u00e4yrynen<\/em><\/p>\n\n\n\n<figure class=\"wp-block-audio\"><audio controls src=\"https:\/\/barentsmagazine.com\/resurser\/wp-content\/uploads\/sites\/2\/2021\/09\/Barentsdikt_DavidVayrnen_boost.mp3\"><\/audio><\/figure>\n\n\n\n<p>s\u00e5 vill man s\u00e4ga \u00e5t alla nu som har samlats<br>du som har varit redan l\u00e4nge med oss h\u00e4r<br>du som kommit s\u00e5 pass att alla k\u00e4nner inte dig s\u00e5 noga<br>ni som \u00e4r ivrig f\u00f6r saken och f\u00f6rbannad n\u00e4stan<br>ni som t\u00e4nker ibland att vi \u00e4r inte frisk som vi h\u00e5ller p\u00e5<br>tro nu inte det ska bli slut p\u00e5 el\u00e4ndet<br>i teven h\u00f6r man dom forts\u00e4tter svamla som inget \u00e4r nytt<br>till och med experterna dom har st\u00e4mplat ut<\/p>\n\n\n\n<hr class=\"wp-block-separator\"\/>\n\n\n\n<p>om man f\u00e5r nu \u00f6ppna lite mer munnen sin idag<br>s\u00e5 kan man inte undvika ta det om hur dom sl\u00f6sat med det dom tog<br>jag vet det \u00e4r k\u00e4nt och redan tjatigt n\u00e4stan<br>men st\u00e5lnacke har sagt det s\u00e5 bra en g\u00e5ng<br>liksom d\u00e5 n\u00e4r han har sagt det s\u00e5 sant \u00e4r det nu ocks\u00e5<br>och sj\u00e4lv kan vi s\u00e4ga just som st\u00e5lnacke sagt<br>det som \u00e4r tj\u00e4nligt och vad dom borde g\u00f6ra av det dom tog<br>det g\u00f6r dom aldrig och s\u00e4llan har gjort heller<br>men det som \u00e4r till ingen nytta och mera s\u00f6ndrar<br>det \u00e4r det och bara det dom g\u00f6r av det<br>men inget annat g\u00f6r dom<\/p>\n\n\n\n<hr class=\"wp-block-separator\"\/>\n\n\n\n<p>synd \u00e4r det se vad f\u00f6r blaha-blaha det \u00e4r sl\u00f6sat p\u00e5<br>i mitten prompt ocks\u00e5 ska dom s\u00e4tta allt<br>och knappt ingenting d\u00e4r man skulle beh\u00f6va lite mer rusta<br>om vi hade bara veta hur lite det vart med den tanken<br>som det var d\u00e4r i b\u00f6rjan t\u00e4nkt att alla skulle f\u00e5 det samma lika<br>och inte som nu n\u00e4r vissa sl\u00e4nger fast fungerande apparater<br>jag tror vi hade aldrig sl\u00e4ppt ens n\u00e4ra dom<br>och \u00e4n mindre att dom hade f\u00e5tt vara och m\u00e4ta<br>man har n\u00e4stan ibland varit arg \u00e5t dom tidigare som l\u00e4t<\/p>\n\n\n\n<hr class=\"wp-block-separator\"\/>\n\n\n\n<p>h\u00f6r ni n\u00e5got s\u00e5 or\u00e4ttvist att t\u00e4nka<br>f\u00e5r man alls vara att man \u00e4r arg \u00e5t folk som har d\u00f6tt redan<br>och \u00e4r det inte bara d\u00e5 att det tar i on\u00f6dan p\u00e5 orken<br>men man m\u00e5ste minnas ocks\u00e5 hur det gick<br>m\u00e5nne vi orkar b\u00f6ka i dom d\u00e4r tankarna<br>i allt vad vi ocks\u00e5 gjorde fel<br>vi v\u00e5ra sl\u00e4ktingar inte s\u00e5 l\u00e4nge tillbaka<br>kamrater inte alla men m\u00e5nga dom var med dom andra<br>vi kan inte s\u00e4ga alla vart tvingad och skylla ifr\u00e5n<br>men mer \u00e4r det hur vi gjorde fel \u00e4n vilka<br>l\u00e5tit det undan f\u00f6r undan bli s\u00e5 h\u00e4r<br>att nu plockas det fritt som det hade varit s\u00e5 alltid<br>vi har bra skydd ocks\u00e5 men mycket mark \u00e4r oskyddat<br>s\u00e5 att dom kan forts\u00e4tta ta vad dom tror dom beh\u00f6ver<br>s\u00e5 dom har till lusthus och rulltrottoar<br>s\u00e5 det r\u00e4cker till nya f\u00f6rorter och b\u00f6rstidningar<br>s\u00e5 det finns till reservat n\u00e4r dom ska vila<br>kamrater och likasinnade har ni t\u00e4nkt det<br>att det \u00e4r oerh\u00f6rt mycket folk som inte bor h\u00e4r<br>om man s\u00e4ger i det h\u00e4r \u00f6versta delen<br>men lika fullt ska dom boka och tinga och muta in<br>s\u00e5 pass att det borde bli intresse f\u00f6r annat h\u00e4r ocks\u00e5<br>st\u00e5lnacke hade en tanke om det han har dragit<br>m\u00e5ste dom h\u00e5lla sig borta annars kanske<br>en g\u00e5ng i \u00e5ret klarar dom och sen strejkar det<br>s\u00e5 det blir som f\u00f6rsvar n\u00e4stan f\u00f6r dom<br>och dom slipper mera t\u00e4nka annat \u00e4n att dom g\u00f6r gott<br>att dom l\u00e5tsas inte om det finns folk som hade sagt annat<br>du h\u00e4r vars boplatser flera g\u00e5nger togs av dammen<br>du ocks\u00e5 som s\u00e5g till slut mer snurror \u00e4n svalan<br>och ni h\u00e4r som h\u00f6r \u00e4nnu klingan h\u00f6gre \u00e4n hj\u00e4rtat n\u00e4r det sl\u00e5r<br>vi som stannat \u00e4r dom enda som kan alla ber\u00e4ttelser<\/p>\n\n\n\n<hr class=\"wp-block-separator\"\/>\n\n\n\n<p><em>Om f\u00f6rfattaren:<br><strong>David V\u00e4yrynen<\/strong> (f\u00f6dd 1983) fr\u00e5n Hakkas, G\u00e4llivare kommun, \u00e4r diversearbetare, fritidspolitiker och poet. Hans debut Marken (2017) handlar om m\u00e4nniskor i Malmf\u00e4lten. Det \u00e4r det och bara det dom g\u00f6r av det \u00e4r en del av ett p\u00e5g\u00e5ende arbete som \u00e4r t\u00e4nkt att resultera i en v\u00e4ckelsef\u00f6rest\u00e4llning.<\/em><\/p>\n","protected":false},"excerpt":{"rendered":"<p>&#8221;S\u00e5 att dom kan forts\u00e4tta ta det vad dom tror att dom beh\u00f6ver.&#8221; &#8221;Jag anv\u00e4nder mig av en av finskan starkt p\u00e5verkad svenska f\u00f6r att genom predikoformen ber\u00e4tta om ett s\u00e4llskap som brutit sig fri fr\u00e5n nationen Sverige och sj\u00e4lva bildat ett st\u00f6rre sj\u00e4lvhush\u00e5ll i form av en bysamf\u00e4llighet.\u00a0&#8221; Text: David V\u00e4yrynen s\u00e5 vill man&hellip; <a class=\"more-link\" href=\"https:\/\/barentsmagazine.com\/resurser\/det-ar-det-och-bara-det-dom-gor-av-det\/\">Forts\u00e4tt l\u00e4sa <span class=\"screen-reader-text\">Det \u00e4r det och bara det dom g\u00f6r av det<\/span><\/a><\/p>\n","protected":false},"author":1,"featured_media":0,"parent":0,"menu_order":0,"comment_status":"closed","ping_status":"closed","template":"","meta":[],"_links":{"self":[{"href":"https:\/\/barentsmagazine.com\/resurser\/wp-json\/wp\/v2\/pages\/68"}],"collection":[{"href":"https:\/\/barentsmagazine.com\/resurser\/wp-json\/wp\/v2\/pages"}],"about":[{"href":"https:\/\/barentsmagazine.com\/resurser\/wp-json\/wp\/v2\/types\/page"}],"author":[{"embeddable":true,"href":"https:\/\/barentsmagazine.com\/resurser\/wp-json\/wp\/v2\/users\/1"}],"replies":[{"embeddable":true,"href":"https:\/\/barentsmagazine.com\/resurser\/wp-json\/wp\/v2\/comments?post=68"}],"version-history":[{"count":7,"href":"https:\/\/barentsmagazine.com\/resurser\/wp-json\/wp\/v2\/pages\/68\/revisions"}],"predecessor-version":[{"id":281,"href":"https:\/\/barentsmagazine.com\/resurser\/wp-json\/wp\/v2\/pages\/68\/revisions\/281"}],"wp:attachment":[{"href":"https:\/\/barentsmagazine.com\/resurser\/wp-json\/wp\/v2\/media?parent=68"}],"curies":[{"name":"wp","href":"https:\/\/api.w.org\/{rel}","templated":true}]}}